{"id":544,"date":"2024-06-05T09:32:06","date_gmt":"2024-06-05T06:32:06","guid":{"rendered":"https:\/\/nisantasi.zarendigital.com\/?page_id=544"},"modified":"2024-06-12T13:59:56","modified_gmt":"2024-06-12T10:59:56","slug":"kisisel-verilerin-korunmasi-kanunu-sozlesmesi","status":"publish","type":"page","link":"https:\/\/nisantasikozmetik.com\/de\/vereinbarung-zum-datenschutzgesetz\/","title":{"rendered":"Vereinbarung zum Schutz personenbezogener Daten"},"content":{"rendered":"<div data-elementor-type=\"wp-page\" data-elementor-id=\"544\" class=\"elementor elementor-544\" data-elementor-post-type=\"page\">\n\t\t\t\t\t\t<section class=\"elementor-section elementor-top-section elementor-element elementor-element-1769d87 elementor-section-height-min-height elementor-section-content-middle elementor-section-boxed elementor-section-height-default elementor-section-items-middle\" data-id=\"1769d87\" data-element_type=\"section\">\n\t\t\t\t\t\t<div class=\"elementor-container elementor-column-gap-default\">\n\t\t\t\t\t<div class=\"elementor-column elementor-col-100 elementor-top-column elementor-element elementor-element-5f039fa\" data-id=\"5f039fa\" data-element_type=\"column\">\n\t\t\t<div class=\"elementor-widget-wrap elementor-element-populated\">\n\t\t\t\t\t\t<section class=\"elementor-section elementor-inner-section elementor-element elementor-element-b01a4cc elementor-section-content-middle elementor-section-boxed elementor-section-height-default elementor-section-height-default\" data-id=\"b01a4cc\" data-element_type=\"section\">\n\t\t\t\t\t\t<div class=\"elementor-container elementor-column-gap-default\">\n\t\t\t\t\t<div class=\"elementor-column elementor-col-100 elementor-inner-column elementor-element elementor-element-cd4178e\" data-id=\"cd4178e\" data-element_type=\"column\">\n\t\t\t<div class=\"elementor-widget-wrap elementor-element-populated\">\n\t\t\t\t\t\t<div class=\"elementor-element elementor-element-5910c5e elementor-widget elementor-widget-heading\" data-id=\"5910c5e\" data-element_type=\"widget\" data-widget_type=\"heading.default\">\n\t\t\t\t<div class=\"elementor-widget-container\">\n\t\t\t<h2 class=\"elementor-heading-title elementor-size-default\">Vereinbarung zum Schutz personenbezogener Daten<\/h2>\t\t<\/div>\n\t\t\t\t<\/div>\n\t\t\t\t<div class=\"elementor-element elementor-element-c566768 elementor-widget elementor-widget-woocommerce-breadcrumb\" data-id=\"c566768\" data-element_type=\"widget\" data-widget_type=\"woocommerce-breadcrumb.default\">\n\t\t\t\t<div class=\"elementor-widget-container\">\n\t\t\t<nav class=\"woocommerce-breadcrumb\" aria-label=\"Breadcrumb\" data-no-translation=\"\" data-trp-gettext=\"\">Startseite<\/nav>\t\t<\/div>\n\t\t\t\t<\/div>\n\t\t\t\t\t<\/div>\n\t\t<\/div>\n\t\t\t\t\t<\/div>\n\t\t<\/section>\n\t\t\t\t\t<\/div>\n\t\t<\/div>\n\t\t\t\t\t<\/div>\n\t\t<\/section>\n\t\t\t\t<section class=\"elementor-section elementor-top-section elementor-element elementor-element-582af76 elementor-section-content-middle elementor-section-boxed elementor-section-height-default elementor-section-height-default\" data-id=\"582af76\" data-element_type=\"section\">\n\t\t\t\t\t\t<div class=\"elementor-container elementor-column-gap-default\">\n\t\t\t\t\t<div class=\"elementor-column elementor-col-100 elementor-top-column elementor-element elementor-element-d649a91\" data-id=\"d649a91\" data-element_type=\"column\">\n\t\t\t<div class=\"elementor-widget-wrap elementor-element-populated\">\n\t\t\t\t\t\t<div class=\"elementor-element elementor-element-3c69c8b elementor-widget elementor-widget-spacer\" data-id=\"3c69c8b\" data-element_type=\"widget\" data-widget_type=\"spacer.default\">\n\t\t\t\t<div class=\"elementor-widget-container\">\n\t\t\t\t\t<div class=\"elementor-spacer\">\n\t\t\t<div class=\"elementor-spacer-inner\"><\/div>\n\t\t<\/div>\n\t\t\t\t<\/div>\n\t\t\t\t<\/div>\n\t\t\t\t\t<\/div>\n\t\t<\/div>\n\t\t\t\t\t<\/div>\n\t\t<\/section>\n\t\t\t\t<section class=\"elementor-section elementor-top-section elementor-element elementor-element-ed5e0dd elementor-section-content-middle elementor-section-boxed elementor-section-height-default elementor-section-height-default\" data-id=\"ed5e0dd\" data-element_type=\"section\">\n\t\t\t\t\t\t<div class=\"elementor-container elementor-column-gap-default\">\n\t\t\t\t\t<div class=\"elementor-column elementor-col-100 elementor-top-column elementor-element elementor-element-63cbb73\" data-id=\"63cbb73\" data-element_type=\"column\">\n\t\t\t<div class=\"elementor-widget-wrap elementor-element-populated\">\n\t\t\t\t\t\t<section class=\"elementor-section elementor-inner-section elementor-element elementor-element-34fdd35 elementor-section-content-middle elementor-section-boxed elementor-section-height-default elementor-section-height-default\" data-id=\"34fdd35\" data-element_type=\"section\">\n\t\t\t\t\t\t<div class=\"elementor-container elementor-column-gap-default\">\n\t\t\t\t\t<div class=\"elementor-column elementor-col-100 elementor-inner-column elementor-element elementor-element-ad730be\" data-id=\"ad730be\" data-element_type=\"column\">\n\t\t\t<div class=\"elementor-widget-wrap elementor-element-populated\">\n\t\t\t\t\t\t<div class=\"elementor-element elementor-element-09705db elementor-widget elementor-widget-text-editor\" data-id=\"09705db\" data-element_type=\"widget\" data-widget_type=\"text-editor.default\">\n\t\t\t\t<div class=\"elementor-widget-container\">\n\t\t\t\t\t\t\t<ul>\n \t<li><b>Datenverantwortlicher und Vertreter<\/b><\/li>\n<\/ul>\nIhre personenbezogenen Daten werden vom Datenverantwortlichen, der \u00dcsk\u00fcdar American Academy, gem\u00e4\u00df den Anforderungen der heutigen Technologie im Rahmen der unten aufgef\u00fchrten Verfahren verarbeitet.\n<ul>\n \t<li><b>Zweck der Verarbeitung personenbezogener Daten und rechtliche Gr\u00fcnde<\/b><\/li>\n<\/ul>\nDie bei allen im Rahmen von Bildungs- und Ausbildungsaktivit\u00e4ten durchzuf\u00fchrenden Transaktionen gesammelten Informationen werden zur Verwendung in Bildungs- und Ausbildungsdienstprozessen und zum Zwecke der gesetzeskonformen Durchf\u00fchrung der Aktivit\u00e4ten der Institution verarbeitet. Der Umfang dieser Aktivit\u00e4ten umfasst die Arbeit von Gesch\u00e4ftsbereichen, die Regulierung der Handels- und Sozialpolitik, die Gew\u00e4hrleistung der Unternehmensfunktion, die Gew\u00e4hrleistung der Datensicherheit und die Verwaltung von Personalprozessen.\n<ul>\n \t<li><b>Orte, an denen verarbeitete personenbezogene Daten \u00fcbermittelt werden und Zweck der \u00dcbermittlung<\/b><\/li>\n<\/ul>\nDie Daten k\u00f6nnen an Einrichtungen der Stiftung Gesundheit und Bildung, Alumni-Vereinigungen, Gesch\u00e4ftspartner, Lieferanten, Subunternehmer und in Ausnahmef\u00e4llen an Privatpersonen weitergegeben werden, soweit dies f\u00fcr Bildungs- und Ausbildungsdienste im Einklang mit dem Gesetz erforderlich ist. Der Zweck der Verarbeitung personenbezogener Daten und der Zweck der Daten\u00fcbermittlung sind parallel.\n<ul>\n \t<li><b>Erhebungsmethode und Rechtsgrund f\u00fcr personenbezogene Daten<\/b><\/li>\n<\/ul>\nIhre personenbezogenen Daten werden von unserer Einrichtung auf verschiedene Weise erfasst, insbesondere in schriftlichen und elektronischen Medien \u00fcber die Netzwerke der Einrichtung, um unsere Bildungs- und Schulungsaktivit\u00e4ten durchzuf\u00fchren. Ihre personenbezogenen Daten k\u00f6nnen f\u00fcr die in diesem Informationstext genannten Zwecke gem\u00e4\u00df den im Gesetz festgelegten Grundprinzipien, Datenverarbeitungsbedingungen und Ausnahmen verarbeitet und \u00fcbermittelt werden.\n<ul>\n \t<li><b>M\u00f6glichkeiten zur Bewerbung beim Datenverarbeiter und Datenverantwortlichen<\/b><\/li>\n<\/ul>\nGem\u00e4\u00df Artikel 11 des Gesetzes, indem Sie sich an unsere Institution wenden, werden Ihre personenbezogenen Daten \u00fcbermittelt; a) um zu erfahren, ob sie verarbeitet wurden, b) um Informationen anzufordern, wenn sie verarbeitet wurden, c) um den Zweck der Verarbeitung zu erfahren und ob sie in \u00dcbereinstimmung mit ihrem Zweck verwendet wird, d) um zu erfahren, an welche Parteien sie gerichtet sind im Inland\/Ausland \u00fcbermittelt wurden, e) eine Berichtigung zu verlangen, wenn sie unvollst\u00e4ndig\/unrichtig verarbeitet wurde, f) zur Einhaltung des Gesetzes eine L\u00f6schung\/Vernichtung gem\u00e4\u00df Artikel 7 zu verlangen, auch wenn sie gem\u00e4\u00df den Klauseln () verarbeitet wurde. e) und (f), g) zu verlangen, dass die gem\u00e4\u00df den Abs\u00e4tzen (e) und (f) durchgef\u00fchrten Transaktionen den Dritten mitgeteilt werden, an die sie \u00fcbertragen wurden, h) zu verlangen, dass aufgrund von ein Ergebnis gegen Sie entsteht Ausschlie\u00dfliche Analyse durch automatische Systeme Sie haben das Recht, Widerspruch einzulegen und i) Schadensersatz zu verlangen, wenn Ihnen durch eine rechtswidrige Verarbeitung ein Schaden entsteht.\n<ul>\n \t<li><b>\u00dcber das untenstehende Bewerbungsformular k\u00f6nnen Sie uns Ihre Informationen und Bewerbungsanfragen zukommen lassen.<\/b><\/li>\n<\/ul>\nUnsere Einrichtung bearbeitet Ihre Anfragen kostenlos so schnell wie m\u00f6glich, sp\u00e4testens jedoch innerhalb von drei\u00dfig Tagen, je nach Art der Anfrage. Sollten f\u00fcr die Transaktion jedoch zus\u00e4tzliche Kosten anfallen, kann eine Geb\u00fchr erhoben werden. Unsere Einrichtung kann den Antrag annehmen und bearbeiten oder den Antrag schriftlich unter Angabe der Gr\u00fcnde ablehnen.\n<ul>\n \t<li><b>Ihre Rechte bez\u00fcglich der Datenverarbeitung<\/b><\/li>\n<\/ul>\nIn F\u00e4llen, in denen der gem\u00e4\u00df dem oben genannten Verfahren gestellte Antrag abgelehnt wird, die Antwort als unzureichend befunden wird oder der Antrag nicht rechtzeitig beantwortet wird; Sie haben das Recht, innerhalb von drei\u00dfig Tagen nach Benachrichtigung \u00fcber die Antwort und in jedem Fall innerhalb von sechzig Tagen ab dem Datum der Antragstellung eine Beschwerde beim Datenschutzausschuss (\u201eVorstand\u201c) einzureichen. Bevor jedoch eine Beschwerde eingereicht werden kann, muss der Rechtsbehelf ausgesch\u00f6pft sein. Bei einer Beschwerde oder bei Bekanntwerden eines Versto\u00dfes f\u00fchrt der Ausschuss von Amts wegen die erforderlichen Untersuchungen zu Angelegenheiten durch, die in seinen Aufgabenbereich fallen. Im Falle einer Beschwerde pr\u00fcft der Vorstand den Antrag und antwortet den betroffenen Personen. Erfolgt innerhalb von sechzig Tagen ab dem Datum der Beschwerde keine Antwort, gilt der Antrag als abgelehnt. Wenn aufgrund der Beschwerde oder einer Untersuchung von Amts wegen festgestellt wird, dass ein Versto\u00df vorliegt, entscheidet der Vorstand, dass der festgestellte Rechtsversto\u00df vom Datenverantwortlichen behoben wird, und benachrichtigt die betroffenen Parteien. Dieser Beschluss wird unverz\u00fcglich, sp\u00e4testens jedoch innerhalb von drei\u00dfig Tagen umgesetzt. Der Vorstand kann beschlie\u00dfen, die Datenverarbeitung oder Daten\u00fcbermittlung ins Ausland einzustellen, wenn ein irreparabler oder unm\u00f6glicher Schaden entsteht und ein offensichtlicher Rechtsversto\u00df vorliegt.\t\t\t\t\t\t<\/div>\n\t\t\t\t<\/div>\n\t\t\t\t\t<\/div>\n\t\t<\/div>\n\t\t\t\t\t<\/div>\n\t\t<\/section>\n\t\t\t\t\t<\/div>\n\t\t<\/div>\n\t\t\t\t\t<\/div>\n\t\t<\/section>\n\t\t\t\t<\/div>","protected":false},"excerpt":{"rendered":"<p>Vereinbarung zum Schutz personenbezogener Daten Datenverantwortlicher und Vertreter Ihre personenbezogenen Daten werden vom Datenverantwortlichen \u00dcsk\u00fcdar American Academy gem\u00e4\u00df den Anforderungen der heutigen Technologie im Rahmen der unten angegebenen Verfahren verarbeitet. Zweck der Verarbeitung personenbezogener Daten und rechtliche Gr\u00fcnde: Die bei allen im Rahmen von Bildungs- und Schulungsaktivit\u00e4ten durchzuf\u00fchrenden Transaktionen gesammelten Informationen sollen f\u00fcr Bildungs- und Schulungsdienstprozesse verwendet werden und um sicherzustellen, dass die Aktivit\u00e4ten der Institution im Einklang mit dem Gesetz stehen.<\/p>","protected":false},"author":1,"featured_media":0,"parent":0,"menu_order":0,"comment_status":"closed","ping_status":"closed","template":"elementor_header_footer","meta":{"footnotes":""},"class_list":["post-544","page","type-page","status-publish","hentry"],"yoast_head":"<!-- This site is optimized with the Yoast SEO plugin v26.2 - https:\/\/yoast.com\/wordpress\/plugins\/seo\/ -->\n<title>Ki\u015fisel Verilerin Korunmas\u0131 Kanunu S\u00f6zle\u015fmesi - Ni\u015fanta\u015f\u0131 Kozmetik<\/title>\n<meta name=\"description\" content=\"Personal Data Protection Law Agreement\" \/>\n<meta name=\"robots\" content=\"index, follow, max-snippet:-1, max-image-preview:large, max-video-preview:-1\" \/>\n<link rel=\"canonical\" href=\"https:\/\/nisantasikozmetik.com\/de\/accordo-legge-sulla-protezione-dei-dati-personali\/?wmc-currency=EUR\" \/>\n<meta property=\"og:locale\" content=\"de_DE\" \/>\n<meta property=\"og:type\" content=\"article\" \/>\n<meta property=\"og:title\" content=\"Ki\u015fisel Verilerin Korunmas\u0131 Kanunu S\u00f6zle\u015fmesi - Ni\u015fanta\u015f\u0131 Kozmetik\" \/>\n<meta property=\"og:description\" content=\"Personal Data Protection Law Agreement\" \/>\n<meta property=\"og:url\" content=\"https:\/\/nisantasikozmetik.com\/de\/accordo-legge-sulla-protezione-dei-dati-personali\/?wmc-currency=EUR\" \/>\n<meta property=\"og:site_name\" content=\"Ni\u015fanta\u015f\u0131 Kozmetik\" \/>\n<meta property=\"article:modified_time\" content=\"2024-06-12T10:59:56+00:00\" \/>\n<meta name=\"twitter:card\" content=\"summary_large_image\" \/>\n<meta name=\"twitter:label1\" content=\"Gesch\u00e4tzte Lesezeit\" \/>\n\t<meta name=\"twitter:data1\" content=\"3\u00a0Minuten\" \/>\n<script type=\"application\/ld+json\" class=\"yoast-schema-graph\">{\"@context\":\"https:\/\/schema.org\",\"@graph\":[{\"@type\":\"WebPage\",\"@id\":\"https:\/\/nisantasikozmetik.com\/it\/accordo-legge-sulla-protezione-dei-dati-personali\/\",\"url\":\"https:\/\/nisantasikozmetik.com\/it\/accordo-legge-sulla-protezione-dei-dati-personali\/\",\"name\":\"Ki\u015fisel Verilerin Korunmas\u0131 Kanunu S\u00f6zle\u015fmesi - Ni\u015fanta\u015f\u0131 Kozmetik\",\"isPartOf\":{\"@id\":\"https:\/\/nisantasikozmetik.com\/fr\/#website\"},\"datePublished\":\"2024-06-05T06:32:06+00:00\",\"dateModified\":\"2024-06-12T10:59:56+00:00\",\"description\":\"Personal Data Protection Law Agreement\",\"breadcrumb\":{\"@id\":\"https:\/\/nisantasikozmetik.com\/it\/accordo-legge-sulla-protezione-dei-dati-personali\/#breadcrumb\"},\"inLanguage\":\"de\",\"potentialAction\":[{\"@type\":\"ReadAction\",\"target\":[\"https:\/\/nisantasikozmetik.com\/it\/accordo-legge-sulla-protezione-dei-dati-personali\/\"]}]},{\"@type\":\"BreadcrumbList\",\"@id\":\"https:\/\/nisantasikozmetik.com\/it\/accordo-legge-sulla-protezione-dei-dati-personali\/#breadcrumb\",\"itemListElement\":[{\"@type\":\"ListItem\",\"position\":1,\"name\":\"Anasayfa\",\"item\":\"https:\/\/nisantasikozmetik.com\/fr\/\"},{\"@type\":\"ListItem\",\"position\":2,\"name\":\"Ki\u015fisel Verilerin Korunmas\u0131 Kanunu S\u00f6zle\u015fmesi\"}]},{\"@type\":\"WebSite\",\"@id\":\"https:\/\/nisantasikozmetik.com\/fr\/#website\",\"url\":\"https:\/\/nisantasikozmetik.com\/fr\/\",\"name\":\"Ni\u015fanta\u015f\u0131 Kozmetik\",\"description\":\"\",\"publisher\":{\"@id\":\"https:\/\/nisantasikozmetik.com\/fr\/#organization\"},\"potentialAction\":[{\"@type\":\"SearchAction\",\"target\":{\"@type\":\"EntryPoint\",\"urlTemplate\":\"https:\/\/nisantasikozmetik.com\/fr\/?s={search_term_string}\"},\"query-input\":{\"@type\":\"PropertyValueSpecification\",\"valueRequired\":true,\"valueName\":\"search_term_string\"}}],\"inLanguage\":\"de\"},{\"@type\":\"Organization\",\"@id\":\"https:\/\/nisantasikozmetik.com\/fr\/#organization\",\"name\":\"Ni\u015fanta\u015f\u0131 Kozmetik\",\"url\":\"https:\/\/nisantasikozmetik.com\/fr\/\",\"logo\":{\"@type\":\"ImageObject\",\"inLanguage\":\"de\",\"@id\":\"https:\/\/nisantasikozmetik.com\/fr\/#\/schema\/logo\/image\/\",\"url\":\"https:\/\/nisantasikozmetik.com\/wp-content\/uploads\/2024\/06\/Nisantasi-Cosmetic-Logo.png\",\"contentUrl\":\"https:\/\/nisantasikozmetik.com\/wp-content\/uploads\/2024\/06\/Nisantasi-Cosmetic-Logo.png\",\"width\":1080,\"height\":216,\"caption\":\"Ni\u015fanta\u015f\u0131 Kozmetik\"},\"image\":{\"@id\":\"https:\/\/nisantasikozmetik.com\/fr\/#\/schema\/logo\/image\/\"}}]}<\/script>\n<!-- \/ Yoast SEO plugin. -->","yoast_head_json":{"title":"Ki\u015fisel Verilerin Korunmas\u0131 Kanunu S\u00f6zle\u015fmesi - Ni\u015fanta\u015f\u0131 Kozmetik","description":"Personal Data Protection Law Agreement","robots":{"index":"index","follow":"follow","max-snippet":"max-snippet:-1","max-image-preview":"max-image-preview:large","max-video-preview":"max-video-preview:-1"},"canonical":"https:\/\/nisantasikozmetik.com\/de\/accordo-legge-sulla-protezione-dei-dati-personali\/?wmc-currency=EUR","og_locale":"de_DE","og_type":"article","og_title":"Ki\u015fisel Verilerin Korunmas\u0131 Kanunu S\u00f6zle\u015fmesi - Ni\u015fanta\u015f\u0131 Kozmetik","og_description":"Personal Data Protection Law Agreement","og_url":"https:\/\/nisantasikozmetik.com\/de\/accordo-legge-sulla-protezione-dei-dati-personali\/?wmc-currency=EUR","og_site_name":"Ni\u015fanta\u015f\u0131 Kozmetik","article_modified_time":"2024-06-12T10:59:56+00:00","twitter_card":"summary_large_image","twitter_misc":{"Gesch\u00e4tzte Lesezeit":"3\u00a0Minuten"},"schema":{"@context":"https:\/\/schema.org","@graph":[{"@type":"WebPage","@id":"https:\/\/nisantasikozmetik.com\/it\/accordo-legge-sulla-protezione-dei-dati-personali\/","url":"https:\/\/nisantasikozmetik.com\/it\/accordo-legge-sulla-protezione-dei-dati-personali\/","name":"Ki\u015fisel Verilerin Korunmas\u0131 Kanunu S\u00f6zle\u015fmesi - Ni\u015fanta\u015f\u0131 Kozmetik","isPartOf":{"@id":"https:\/\/nisantasikozmetik.com\/fr\/#website"},"datePublished":"2024-06-05T06:32:06+00:00","dateModified":"2024-06-12T10:59:56+00:00","description":"Personal Data Protection Law Agreement","breadcrumb":{"@id":"https:\/\/nisantasikozmetik.com\/it\/accordo-legge-sulla-protezione-dei-dati-personali\/#breadcrumb"},"inLanguage":"de","potentialAction":[{"@type":"ReadAction","target":["https:\/\/nisantasikozmetik.com\/it\/accordo-legge-sulla-protezione-dei-dati-personali\/"]}]},{"@type":"BreadcrumbList","@id":"https:\/\/nisantasikozmetik.com\/it\/accordo-legge-sulla-protezione-dei-dati-personali\/#breadcrumb","itemListElement":[{"@type":"ListItem","position":1,"name":"Anasayfa","item":"https:\/\/nisantasikozmetik.com\/fr\/"},{"@type":"ListItem","position":2,"name":"Ki\u015fisel Verilerin Korunmas\u0131 Kanunu S\u00f6zle\u015fmesi"}]},{"@type":"WebSite","@id":"https:\/\/nisantasikozmetik.com\/fr\/#website","url":"https:\/\/nisantasikozmetik.com\/fr\/","name":"Ni\u015fanta\u015f\u0131 Kozmetik","description":"","publisher":{"@id":"https:\/\/nisantasikozmetik.com\/fr\/#organization"},"potentialAction":[{"@type":"SearchAction","target":{"@type":"EntryPoint","urlTemplate":"https:\/\/nisantasikozmetik.com\/fr\/?s={search_term_string}"},"query-input":{"@type":"PropertyValueSpecification","valueRequired":true,"valueName":"search_term_string"}}],"inLanguage":"de"},{"@type":"Organization","@id":"https:\/\/nisantasikozmetik.com\/fr\/#organization","name":"Ni\u015fanta\u015f\u0131 Kozmetik","url":"https:\/\/nisantasikozmetik.com\/fr\/","logo":{"@type":"ImageObject","inLanguage":"de","@id":"https:\/\/nisantasikozmetik.com\/fr\/#\/schema\/logo\/image\/","url":"https:\/\/nisantasikozmetik.com\/wp-content\/uploads\/2024\/06\/Nisantasi-Cosmetic-Logo.png","contentUrl":"https:\/\/nisantasikozmetik.com\/wp-content\/uploads\/2024\/06\/Nisantasi-Cosmetic-Logo.png","width":1080,"height":216,"caption":"Ni\u015fanta\u015f\u0131 Kozmetik"},"image":{"@id":"https:\/\/nisantasikozmetik.com\/fr\/#\/schema\/logo\/image\/"}}]}},"_links":{"self":[{"href":"https:\/\/nisantasikozmetik.com\/de\/wp-json\/wp\/v2\/pages\/544","targetHints":{"allow":["GET"]}}],"collection":[{"href":"https:\/\/nisantasikozmetik.com\/de\/wp-json\/wp\/v2\/pages"}],"about":[{"href":"https:\/\/nisantasikozmetik.com\/de\/wp-json\/wp\/v2\/types\/page"}],"author":[{"embeddable":true,"href":"https:\/\/nisantasikozmetik.com\/de\/wp-json\/wp\/v2\/users\/1"}],"replies":[{"embeddable":true,"href":"https:\/\/nisantasikozmetik.com\/de\/wp-json\/wp\/v2\/comments?post=544"}],"version-history":[{"count":0,"href":"https:\/\/nisantasikozmetik.com\/de\/wp-json\/wp\/v2\/pages\/544\/revisions"}],"wp:attachment":[{"href":"https:\/\/nisantasikozmetik.com\/de\/wp-json\/wp\/v2\/media?parent=544"}],"curies":[{"name":"wp","href":"https:\/\/api.w.org\/{rel}","templated":true}]}}